{"id":14119,"date":"2023-12-01T14:15:52","date_gmt":"2023-12-01T14:15:52","guid":{"rendered":"https:\/\/www.colsanfrancisco.edu.co\/web\/?page_id=14119"},"modified":"2024-12-20T18:52:22","modified_gmt":"2024-12-20T18:52:22","slug":"pastoral","status":"publish","type":"page","link":"https:\/\/www.colsanfrancisco.edu.co\/web\/pastoral\/","title":{"rendered":"Pastoral"},"content":{"rendered":"\t\t<div data-elementor-type=\"wp-page\" data-elementor-id=\"14119\" class=\"elementor elementor-14119\">\n\t\t\t\t\t\t<section class=\"elementor-section elementor-top-section elementor-element elementor-element-89c04c4 elementor-section-boxed elementor-section-height-default elementor-section-height-default\" data-id=\"89c04c4\" data-element_type=\"section\" data-settings=\"{&quot;shape_divider_top&quot;:&quot;mountains&quot;}\">\n\t\t\t\t\t<div class=\"elementor-shape elementor-shape-top\" data-negative=\"false\">\n\t\t\t<svg xmlns=\"http:\/\/www.w3.org\/2000\/svg\" viewBox=\"0 0 1000 100\" preserveAspectRatio=\"none\">\n\t<path class=\"elementor-shape-fill\" opacity=\"0.33\" d=\"M473,67.3c-203.9,88.3-263.1-34-320.3,0C66,119.1,0,59.7,0,59.7V0h1000v59.7 c0,0-62.1,26.1-94.9,29.3c-32.8,3.3-62.8-12.3-75.8-22.1C806,49.6,745.3,8.7,694.9,4.7S492.4,59,473,67.3z\"\/>\n\t<path class=\"elementor-shape-fill\" opacity=\"0.66\" d=\"M734,67.3c-45.5,0-77.2-23.2-129.1-39.1c-28.6-8.7-150.3-10.1-254,39.1 s-91.7-34.4-149.2,0C115.7,118.3,0,39.8,0,39.8V0h1000v36.5c0,0-28.2-18.5-92.1-18.5C810.2,18.1,775.7,67.3,734,67.3z\"\/>\n\t<path class=\"elementor-shape-fill\" d=\"M766.1,28.9c-200-57.5-266,65.5-395.1,19.5C242,1.8,242,5.4,184.8,20.6C128,35.8,132.3,44.9,89.9,52.5C28.6,63.7,0,0,0,0 h1000c0,0-9.9,40.9-83.6,48.1S829.6,47,766.1,28.9z\"\/>\n<\/svg>\t\t<\/div>\n\t\t\t\t\t<div class=\"elementor-container elementor-column-gap-default\">\n\t\t\t\t\t<div class=\"elementor-column elementor-col-100 elementor-top-column elementor-element elementor-element-8bb6cac\" data-id=\"8bb6cac\" data-element_type=\"column\">\n\t\t\t<div class=\"elementor-widget-wrap elementor-element-populated\">\n\t\t\t\t\t\t<div class=\"elementor-element elementor-element-b22a54f elementor-widget elementor-widget-spacer\" data-id=\"b22a54f\" data-element_type=\"widget\" data-widget_type=\"spacer.default\">\n\t\t\t\t<div class=\"elementor-widget-container\">\n\t\t\t\t\t\t\t<div class=\"elementor-spacer\">\n\t\t\t<div class=\"elementor-spacer-inner\"><\/div>\n\t\t<\/div>\n\t\t\t\t\t\t<\/div>\n\t\t\t\t<\/div>\n\t\t\t\t\t<\/div>\n\t\t<\/div>\n\t\t\t\t\t<\/div>\n\t\t<\/section>\n\t\t\t\t<section class=\"elementor-section elementor-top-section elementor-element elementor-element-28934d9 elementor-section-boxed elementor-section-height-default elementor-section-height-default\" data-id=\"28934d9\" data-element_type=\"section\">\n\t\t\t\t\t\t<div class=\"elementor-container elementor-column-gap-default\">\n\t\t\t\t\t<div class=\"elementor-column elementor-col-50 elementor-top-column elementor-element elementor-element-c299bed\" data-id=\"c299bed\" data-element_type=\"column\">\n\t\t\t<div class=\"elementor-widget-wrap elementor-element-populated\">\n\t\t\t\t\t\t<div class=\"elementor-element elementor-element-cb07cbe elementor-invisible elementor-widget elementor-widget-heading\" data-id=\"cb07cbe\" data-element_type=\"widget\" data-settings=\"{&quot;_animation&quot;:&quot;fadeInLeft&quot;}\" data-widget_type=\"heading.default\">\n\t\t\t\t<div class=\"elementor-widget-container\">\n\t\t\t\t\t<h1 class=\"elementor-heading-title elementor-size-default\">Proyecto Pastoral Institucional<\/h1>\t\t\t\t<\/div>\n\t\t\t\t<\/div>\n\t\t\t\t<div class=\"elementor-element elementor-element-d734e1f elementor-widget elementor-widget-text-editor\" data-id=\"d734e1f\" data-element_type=\"widget\" data-widget_type=\"text-editor.default\">\n\t\t\t\t<div class=\"elementor-widget-container\">\n\t\t\t\t\t\t\t\t\t<p>El Proyecto de la Pastoral Educativa en el Colegio San Francisco se ha concebido con el prop\u00f3sito fundamental de estructurar la evangelizaci\u00f3n y la promoci\u00f3n humana entre los estudiantes.<br \/><br \/>Nuestra iniciativa se orienta hacia una pastoral educativa de naturaleza humanista y evangelizadora, alineada de manera coherente con los paradigmas que caracterizan a la educaci\u00f3n cat\u00f3lica. <br \/><br \/>Reconocemos la importancia crucial de adaptarnos a la nueva generaci\u00f3n, abogando por una pedagog\u00eda centrada en el perd\u00f3n y la reconciliaci\u00f3n.<br \/><br \/>El proyecto se basa en indicaciones pastorales de la Conferencia Episcopal Latinoamericana y del Caribe. Colabora con diversas \u00e1reas del conocimiento y enfatiza la formaci\u00f3n humana, cristiana y franciscana, promoviendo valores que inspiren una convivencia armoniosa<\/p>\t\t\t\t\t\t\t\t<\/div>\n\t\t\t\t<\/div>\n\t\t\t\t\t<\/div>\n\t\t<\/div>\n\t\t\t\t<div class=\"elementor-column elementor-col-50 elementor-top-column elementor-element elementor-element-78ceb54\" data-id=\"78ceb54\" data-element_type=\"column\">\n\t\t\t<div class=\"elementor-widget-wrap elementor-element-populated\">\n\t\t\t\t\t\t<div class=\"elementor-element elementor-element-f3989a4 elementor-invisible elementor-widget elementor-widget-image\" data-id=\"f3989a4\" data-element_type=\"widget\" data-settings=\"{&quot;_animation&quot;:&quot;fadeInUp&quot;}\" data-widget_type=\"image.default\">\n\t\t\t\t<div class=\"elementor-widget-container\">\n\t\t\t\t\t\t\t\t\t\t\t\t\t\t\t<img fetchpriority=\"high\" decoding=\"async\" width=\"1024\" height=\"768\" src=\"https:\/\/www.colsanfrancisco.edu.co\/web\/wp-content\/uploads\/2024\/12\/pastoral-1-1024x768.jpg\" class=\"attachment-large size-large wp-image-17028\" alt=\"\" srcset=\"https:\/\/www.colsanfrancisco.edu.co\/web\/wp-content\/uploads\/2024\/12\/pastoral-1-1024x768.jpg 1024w, https:\/\/www.colsanfrancisco.edu.co\/web\/wp-content\/uploads\/2024\/12\/pastoral-1-300x225.jpg 300w, https:\/\/www.colsanfrancisco.edu.co\/web\/wp-content\/uploads\/2024\/12\/pastoral-1-768x576.jpg 768w, https:\/\/www.colsanfrancisco.edu.co\/web\/wp-content\/uploads\/2024\/12\/pastoral-1-1536x1152.jpg 1536w, https:\/\/www.colsanfrancisco.edu.co\/web\/wp-content\/uploads\/2024\/12\/pastoral-1-2048x1536.jpg 2048w\" sizes=\"(max-width: 1024px) 100vw, 1024px\" \/>\t\t\t\t\t\t\t\t\t\t\t\t\t\t\t<\/div>\n\t\t\t\t<\/div>\n\t\t\t\t\t<\/div>\n\t\t<\/div>\n\t\t\t\t\t<\/div>\n\t\t<\/section>\n\t\t\t\t<section class=\"elementor-section elementor-top-section elementor-element elementor-element-4f44ca2 elementor-section-boxed elementor-section-height-default elementor-section-height-default\" data-id=\"4f44ca2\" data-element_type=\"section\">\n\t\t\t\t\t\t<div class=\"elementor-container elementor-column-gap-default\">\n\t\t\t\t\t<div class=\"elementor-column elementor-col-100 elementor-top-column elementor-element elementor-element-585497c\" data-id=\"585497c\" data-element_type=\"column\">\n\t\t\t<div class=\"elementor-widget-wrap elementor-element-populated\">\n\t\t\t\t\t\t<div class=\"elementor-element elementor-element-a95d3a7 elementor-widget elementor-widget-spacer\" data-id=\"a95d3a7\" data-element_type=\"widget\" data-widget_type=\"spacer.default\">\n\t\t\t\t<div class=\"elementor-widget-container\">\n\t\t\t\t\t\t\t<div class=\"elementor-spacer\">\n\t\t\t<div class=\"elementor-spacer-inner\"><\/div>\n\t\t<\/div>\n\t\t\t\t\t\t<\/div>\n\t\t\t\t<\/div>\n\t\t\t\t\t<\/div>\n\t\t<\/div>\n\t\t\t\t\t<\/div>\n\t\t<\/section>\n\t\t\t\t<section class=\"elementor-section elementor-top-section elementor-element elementor-element-2959c98 elementor-section-boxed elementor-section-height-default elementor-section-height-default\" data-id=\"2959c98\" data-element_type=\"section\" id=\"pastoral-profetica\" data-settings=\"{&quot;background_background&quot;:&quot;classic&quot;}\">\n\t\t\t\t\t\t<div class=\"elementor-container elementor-column-gap-default\">\n\t\t\t\t\t<div class=\"elementor-column elementor-col-100 elementor-top-column elementor-element elementor-element-8235693\" data-id=\"8235693\" data-element_type=\"column\">\n\t\t\t<div class=\"elementor-widget-wrap elementor-element-populated\">\n\t\t\t\t\t\t<div class=\"elementor-element elementor-element-34ae5c5 elementor-widget elementor-widget-spacer\" data-id=\"34ae5c5\" data-element_type=\"widget\" data-widget_type=\"spacer.default\">\n\t\t\t\t<div class=\"elementor-widget-container\">\n\t\t\t\t\t\t\t<div class=\"elementor-spacer\">\n\t\t\t<div class=\"elementor-spacer-inner\"><\/div>\n\t\t<\/div>\n\t\t\t\t\t\t<\/div>\n\t\t\t\t<\/div>\n\t\t\t\t<div class=\"elementor-element elementor-element-a98298d elementor-invisible elementor-widget elementor-widget-heading\" data-id=\"a98298d\" data-element_type=\"widget\" data-settings=\"{&quot;_animation&quot;:&quot;fadeInLeft&quot;}\" data-widget_type=\"heading.default\">\n\t\t\t\t<div class=\"elementor-widget-container\">\n\t\t\t\t\t<h2 class=\"elementor-heading-title elementor-size-default\">Pastoral Prof\u00e9tica\n<hr \/><\/h2>\t\t\t\t<\/div>\n\t\t\t\t<\/div>\n\t\t\t\t<div class=\"elementor-element elementor-element-952da0d elementor-widget elementor-widget-text-editor\" data-id=\"952da0d\" data-element_type=\"widget\" data-widget_type=\"text-editor.default\">\n\t\t\t\t<div class=\"elementor-widget-container\">\n\t\t\t\t\t\t\t\t\t<div><h3 class=\"elementor-heading-title elementor-size-medium elementor-inline-editing pen\" style=\"font-size: 19px; font-style: normal; font-weight: var( --e-global-typography-primary-font-weight ); margin-bottom: 0px; color: #272727; font-family: var( --e-global-typography-primary-font-family ), Sans-serif;\" data-elementor-setting-key=\"title\" data-pen-placeholder=\"Teclea aqu\u00ed...\">Actividades Pastoral<\/h3><\/div><ul><li style=\"text-align: left;\">Celebraci\u00f3n de la espiritualidad franciscana durante la Semana Franciscana.<\/li><li style=\"text-align: left;\">Organizaci\u00f3n de la eucarist\u00eda con la participaci\u00f3n activa de los estudiantes.<\/li><li style=\"text-align: left;\">Coordinaci\u00f3n de programas sacramentales para la Primera Comuni\u00f3n y Confirmaci\u00f3n.<\/li><li style=\"text-align: left;\">Realizaci\u00f3n de ceremonias eucar\u00edsticas con la colaboraci\u00f3n de directivos y personal de servicios generales.<\/li><\/ul><p style=\"text-align: center;\">\u00a0<\/p>\t\t\t\t\t\t\t\t<\/div>\n\t\t\t\t<\/div>\n\t\t\t\t<section class=\"elementor-section elementor-inner-section elementor-element elementor-element-e54d17e elementor-section-boxed elementor-section-height-default elementor-section-height-default elementor-invisible\" data-id=\"e54d17e\" data-element_type=\"section\" data-settings=\"{&quot;animation&quot;:&quot;fadeInUp&quot;}\">\n\t\t\t\t\t\t<div class=\"elementor-container elementor-column-gap-no\">\n\t\t\t\t\t<div class=\"elementor-column elementor-col-20 elementor-inner-column elementor-element elementor-element-1ecae2e\" data-id=\"1ecae2e\" data-element_type=\"column\">\n\t\t\t<div class=\"elementor-widget-wrap elementor-element-populated\">\n\t\t\t\t\t\t<div class=\"elementor-element elementor-element-318a30d elementor-widget elementor-widget-image\" data-id=\"318a30d\" data-element_type=\"widget\" data-widget_type=\"image.default\">\n\t\t\t\t<div class=\"elementor-widget-container\">\n\t\t\t\t\t\t\t\t\t\t\t\t\t\t\t<img decoding=\"async\" width=\"200\" height=\"200\" src=\"https:\/\/www.colsanfrancisco.edu.co\/web\/wp-content\/uploads\/2023\/12\/Pastoral-1.png\" class=\"attachment-large size-large wp-image-14150\" alt=\"\" srcset=\"https:\/\/www.colsanfrancisco.edu.co\/web\/wp-content\/uploads\/2023\/12\/Pastoral-1.png 200w, https:\/\/www.colsanfrancisco.edu.co\/web\/wp-content\/uploads\/2023\/12\/Pastoral-1-150x150.png 150w\" sizes=\"(max-width: 200px) 100vw, 200px\" \/>\t\t\t\t\t\t\t\t\t\t\t\t\t\t\t<\/div>\n\t\t\t\t<\/div>\n\t\t\t\t<div class=\"elementor-element elementor-element-83af387 elementor-widget elementor-widget-text-editor\" data-id=\"83af387\" data-element_type=\"widget\" data-widget_type=\"text-editor.default\">\n\t\t\t\t<div class=\"elementor-widget-container\">\n\t\t\t\t\t\t\t\t\t<p style=\"text-align: center;\">Mi\u00e9rcoles de Ceniza<\/p>\t\t\t\t\t\t\t\t<\/div>\n\t\t\t\t<\/div>\n\t\t\t\t\t<\/div>\n\t\t<\/div>\n\t\t\t\t<div class=\"elementor-column elementor-col-20 elementor-inner-column elementor-element elementor-element-b24909f\" data-id=\"b24909f\" data-element_type=\"column\">\n\t\t\t<div class=\"elementor-widget-wrap elementor-element-populated\">\n\t\t\t\t\t\t<div class=\"elementor-element elementor-element-e421b6b elementor-widget elementor-widget-image\" data-id=\"e421b6b\" data-element_type=\"widget\" data-widget_type=\"image.default\">\n\t\t\t\t<div class=\"elementor-widget-container\">\n\t\t\t\t\t\t\t\t\t\t\t\t\t\t\t<img decoding=\"async\" width=\"200\" height=\"200\" src=\"https:\/\/www.colsanfrancisco.edu.co\/web\/wp-content\/uploads\/2023\/12\/Pastoral-C-2.png\" class=\"attachment-large size-large wp-image-14151\" alt=\"\" srcset=\"https:\/\/www.colsanfrancisco.edu.co\/web\/wp-content\/uploads\/2023\/12\/Pastoral-C-2.png 200w, https:\/\/www.colsanfrancisco.edu.co\/web\/wp-content\/uploads\/2023\/12\/Pastoral-C-2-150x150.png 150w\" sizes=\"(max-width: 200px) 100vw, 200px\" \/>\t\t\t\t\t\t\t\t\t\t\t\t\t\t\t<\/div>\n\t\t\t\t<\/div>\n\t\t\t\t<div class=\"elementor-element elementor-element-30b9e1d elementor-widget elementor-widget-text-editor\" data-id=\"30b9e1d\" data-element_type=\"widget\" data-widget_type=\"text-editor.default\">\n\t\t\t\t<div class=\"elementor-widget-container\">\n\t\t\t\t\t\t\t\t\t<p style=\"text-align: center;\">Eucarist\u00edas de Pascua<\/p>\t\t\t\t\t\t\t\t<\/div>\n\t\t\t\t<\/div>\n\t\t\t\t\t<\/div>\n\t\t<\/div>\n\t\t\t\t<div class=\"elementor-column elementor-col-20 elementor-inner-column elementor-element elementor-element-4e16762\" data-id=\"4e16762\" data-element_type=\"column\">\n\t\t\t<div class=\"elementor-widget-wrap elementor-element-populated\">\n\t\t\t\t\t\t<div class=\"elementor-element elementor-element-af2bec4 elementor-widget elementor-widget-image\" data-id=\"af2bec4\" data-element_type=\"widget\" data-widget_type=\"image.default\">\n\t\t\t\t<div class=\"elementor-widget-container\">\n\t\t\t\t\t\t\t\t\t\t\t\t\t\t\t<img loading=\"lazy\" decoding=\"async\" width=\"150\" height=\"150\" src=\"https:\/\/www.colsanfrancisco.edu.co\/web\/wp-content\/uploads\/2023\/10\/WhatsApp-Image-2023-10-04-at-1.06.25-PM-150x150.jpeg\" class=\"attachment-thumbnail size-thumbnail wp-image-12473\" alt=\"\" srcset=\"https:\/\/www.colsanfrancisco.edu.co\/web\/wp-content\/uploads\/2023\/10\/WhatsApp-Image-2023-10-04-at-1.06.25-PM-150x150.jpeg 150w, https:\/\/www.colsanfrancisco.edu.co\/web\/wp-content\/uploads\/2023\/10\/elementor\/thumbs\/WhatsApp-Image-2023-10-04-at-1.06.25-PM-qddowi6isuvh0vqsn4ip7axs3ake8r77o1w3uitacg.jpeg 400w\" sizes=\"(max-width: 150px) 100vw, 150px\" \/>\t\t\t\t\t\t\t\t\t\t\t\t\t\t\t<\/div>\n\t\t\t\t<\/div>\n\t\t\t\t<div class=\"elementor-element elementor-element-6f4ff66 elementor-widget elementor-widget-text-editor\" data-id=\"6f4ff66\" data-element_type=\"widget\" data-widget_type=\"text-editor.default\">\n\t\t\t\t<div class=\"elementor-widget-container\">\n\t\t\t\t\t\t\t\t\t<p style=\"text-align: center;\">Celebraciones Penitenciales de Cuaresma<\/p>\t\t\t\t\t\t\t\t<\/div>\n\t\t\t\t<\/div>\n\t\t\t\t\t<\/div>\n\t\t<\/div>\n\t\t\t\t<div class=\"elementor-column elementor-col-20 elementor-inner-column elementor-element elementor-element-2d3ec4f\" data-id=\"2d3ec4f\" data-element_type=\"column\">\n\t\t\t<div class=\"elementor-widget-wrap elementor-element-populated\">\n\t\t\t\t\t\t<div class=\"elementor-element elementor-element-d04050b elementor-widget elementor-widget-image\" data-id=\"d04050b\" data-element_type=\"widget\" data-widget_type=\"image.default\">\n\t\t\t\t<div class=\"elementor-widget-container\">\n\t\t\t\t\t\t\t\t\t\t\t\t\t\t\t<img loading=\"lazy\" decoding=\"async\" width=\"200\" height=\"200\" src=\"https:\/\/www.colsanfrancisco.edu.co\/web\/wp-content\/uploads\/2023\/12\/Pastoral-3.png\" class=\"attachment-large size-large wp-image-14152\" alt=\"\" srcset=\"https:\/\/www.colsanfrancisco.edu.co\/web\/wp-content\/uploads\/2023\/12\/Pastoral-3.png 200w, https:\/\/www.colsanfrancisco.edu.co\/web\/wp-content\/uploads\/2023\/12\/Pastoral-3-150x150.png 150w\" sizes=\"(max-width: 200px) 100vw, 200px\" \/>\t\t\t\t\t\t\t\t\t\t\t\t\t\t\t<\/div>\n\t\t\t\t<\/div>\n\t\t\t\t<div class=\"elementor-element elementor-element-371c26b elementor-widget elementor-widget-text-editor\" data-id=\"371c26b\" data-element_type=\"widget\" data-widget_type=\"text-editor.default\">\n\t\t\t\t<div class=\"elementor-widget-container\">\n\t\t\t\t\t\t\t\t\t<p style=\"text-align: center;\">Eventos en el Mes de Mayo<\/p>\t\t\t\t\t\t\t\t<\/div>\n\t\t\t\t<\/div>\n\t\t\t\t\t<\/div>\n\t\t<\/div>\n\t\t\t\t<div class=\"elementor-column elementor-col-20 elementor-inner-column elementor-element elementor-element-105220c\" data-id=\"105220c\" data-element_type=\"column\">\n\t\t\t<div class=\"elementor-widget-wrap elementor-element-populated\">\n\t\t\t\t\t\t<div class=\"elementor-element elementor-element-da8b506 elementor-widget elementor-widget-image\" data-id=\"da8b506\" data-element_type=\"widget\" data-widget_type=\"image.default\">\n\t\t\t\t<div class=\"elementor-widget-container\">\n\t\t\t\t\t\t\t\t\t\t\t\t\t\t\t<img loading=\"lazy\" decoding=\"async\" width=\"200\" height=\"200\" src=\"https:\/\/www.colsanfrancisco.edu.co\/web\/wp-content\/uploads\/2023\/12\/pastoral-5.png\" class=\"attachment-large size-large wp-image-14164\" alt=\"\" srcset=\"https:\/\/www.colsanfrancisco.edu.co\/web\/wp-content\/uploads\/2023\/12\/pastoral-5.png 200w, https:\/\/www.colsanfrancisco.edu.co\/web\/wp-content\/uploads\/2023\/12\/pastoral-5-150x150.png 150w\" sizes=\"(max-width: 200px) 100vw, 200px\" \/>\t\t\t\t\t\t\t\t\t\t\t\t\t\t\t<\/div>\n\t\t\t\t<\/div>\n\t\t\t\t<div class=\"elementor-element elementor-element-28b4b70 elementor-widget elementor-widget-text-editor\" data-id=\"28b4b70\" data-element_type=\"widget\" data-widget_type=\"text-editor.default\">\n\t\t\t\t<div class=\"elementor-widget-container\">\n\t\t\t\t\t\t\t\t\t<p style=\"text-align: center;\">Jornadas de Oraci\u00f3n en fechas espec\u00edficas, y otras festividades lit\u00fargicas<\/p>\t\t\t\t\t\t\t\t<\/div>\n\t\t\t\t<\/div>\n\t\t\t\t\t<\/div>\n\t\t<\/div>\n\t\t\t\t\t<\/div>\n\t\t<\/section>\n\t\t\t\t<div class=\"elementor-element elementor-element-5c137b6 elementor-widget elementor-widget-spacer\" data-id=\"5c137b6\" data-element_type=\"widget\" data-widget_type=\"spacer.default\">\n\t\t\t\t<div class=\"elementor-widget-container\">\n\t\t\t\t\t\t\t<div class=\"elementor-spacer\">\n\t\t\t<div class=\"elementor-spacer-inner\"><\/div>\n\t\t<\/div>\n\t\t\t\t\t\t<\/div>\n\t\t\t\t<\/div>\n\t\t\t\t\t<\/div>\n\t\t<\/div>\n\t\t\t\t\t<\/div>\n\t\t<\/section>\n\t\t\t\t<section class=\"elementor-section elementor-top-section elementor-element elementor-element-b732468 elementor-section-full_width elementor-section-height-default elementor-section-height-default\" data-id=\"b732468\" data-element_type=\"section\" data-settings=\"{&quot;background_background&quot;:&quot;classic&quot;}\">\n\t\t\t\t\t\t<div class=\"elementor-container elementor-column-gap-default\">\n\t\t\t\t\t<div class=\"elementor-column elementor-col-100 elementor-top-column elementor-element elementor-element-2520c76\" data-id=\"2520c76\" data-element_type=\"column\">\n\t\t\t<div class=\"elementor-widget-wrap elementor-element-populated\">\n\t\t\t\t\t\t<div class=\"elementor-element elementor-element-4f6539c elementor-widget elementor-widget-spacer\" data-id=\"4f6539c\" data-element_type=\"widget\" data-widget_type=\"spacer.default\">\n\t\t\t\t<div class=\"elementor-widget-container\">\n\t\t\t\t\t\t\t<div class=\"elementor-spacer\">\n\t\t\t<div class=\"elementor-spacer-inner\"><\/div>\n\t\t<\/div>\n\t\t\t\t\t\t<\/div>\n\t\t\t\t<\/div>\n\t\t\t\t\t<\/div>\n\t\t<\/div>\n\t\t\t\t\t<\/div>\n\t\t<\/section>\n\t\t\t\t<section class=\"elementor-section elementor-top-section elementor-element elementor-element-9ad83ef elementor-section-boxed elementor-section-height-default elementor-section-height-default\" data-id=\"9ad83ef\" data-element_type=\"section\" data-settings=\"{&quot;background_background&quot;:&quot;classic&quot;}\">\n\t\t\t\t\t\t<div class=\"elementor-container elementor-column-gap-default\">\n\t\t\t\t\t<div class=\"elementor-column elementor-col-100 elementor-top-column elementor-element elementor-element-6ca36b0\" data-id=\"6ca36b0\" data-element_type=\"column\">\n\t\t\t<div class=\"elementor-widget-wrap elementor-element-populated\">\n\t\t\t\t\t\t<div class=\"elementor-element elementor-element-b86365e elementor-widget elementor-widget-spacer\" data-id=\"b86365e\" data-element_type=\"widget\" data-widget_type=\"spacer.default\">\n\t\t\t\t<div class=\"elementor-widget-container\">\n\t\t\t\t\t\t\t<div class=\"elementor-spacer\">\n\t\t\t<div class=\"elementor-spacer-inner\"><\/div>\n\t\t<\/div>\n\t\t\t\t\t\t<\/div>\n\t\t\t\t<\/div>\n\t\t\t\t<div class=\"elementor-element elementor-element-af72270 elementor-invisible elementor-widget elementor-widget-heading\" data-id=\"af72270\" data-element_type=\"widget\" data-settings=\"{&quot;_animation&quot;:&quot;fadeInLeft&quot;}\" data-widget_type=\"heading.default\">\n\t\t\t\t<div class=\"elementor-widget-container\">\n\t\t\t\t\t<h2 class=\"elementor-heading-title elementor-size-default\">Pastoral Lit\u00fargica\n<hr><\/h2>\t\t\t\t<\/div>\n\t\t\t\t<\/div>\n\t\t\t\t<section class=\"elementor-section elementor-inner-section elementor-element elementor-element-6c451d3 elementor-section-boxed elementor-section-height-default elementor-section-height-default\" data-id=\"6c451d3\" data-element_type=\"section\">\n\t\t\t\t\t\t<div class=\"elementor-container elementor-column-gap-default\">\n\t\t\t\t\t<div class=\"elementor-column elementor-col-50 elementor-inner-column elementor-element elementor-element-9ff6cf3\" data-id=\"9ff6cf3\" data-element_type=\"column\">\n\t\t\t<div class=\"elementor-widget-wrap elementor-element-populated\">\n\t\t\t\t\t\t<div class=\"elementor-element elementor-element-3110858 animated-slow elementor-invisible elementor-widget elementor-widget-image\" data-id=\"3110858\" data-element_type=\"widget\" data-settings=\"{&quot;_animation&quot;:&quot;fadeInLeft&quot;}\" data-widget_type=\"image.default\">\n\t\t\t\t<div class=\"elementor-widget-container\">\n\t\t\t\t\t\t\t\t\t\t\t\t\t\t\t<img loading=\"lazy\" decoding=\"async\" width=\"1024\" height=\"768\" src=\"https:\/\/www.colsanfrancisco.edu.co\/web\/wp-content\/uploads\/2023\/12\/Pastoral-6.png\" class=\"attachment-full size-full wp-image-14175\" alt=\"\" srcset=\"https:\/\/www.colsanfrancisco.edu.co\/web\/wp-content\/uploads\/2023\/12\/Pastoral-6.png 1024w, https:\/\/www.colsanfrancisco.edu.co\/web\/wp-content\/uploads\/2023\/12\/Pastoral-6-300x225.png 300w, https:\/\/www.colsanfrancisco.edu.co\/web\/wp-content\/uploads\/2023\/12\/Pastoral-6-768x576.png 768w\" sizes=\"(max-width: 1024px) 100vw, 1024px\" \/>\t\t\t\t\t\t\t\t\t\t\t\t\t\t\t<\/div>\n\t\t\t\t<\/div>\n\t\t\t\t<div class=\"elementor-element elementor-element-6d0eb4b elementor-absolute elementor-widget elementor-widget-spacer\" data-id=\"6d0eb4b\" data-element_type=\"widget\" data-settings=\"{&quot;_position&quot;:&quot;absolute&quot;}\" data-widget_type=\"spacer.default\">\n\t\t\t\t<div class=\"elementor-widget-container\">\n\t\t\t\t\t\t\t<div class=\"elementor-spacer\">\n\t\t\t<div class=\"elementor-spacer-inner\"><\/div>\n\t\t<\/div>\n\t\t\t\t\t\t<\/div>\n\t\t\t\t<\/div>\n\t\t\t\t\t<\/div>\n\t\t<\/div>\n\t\t\t\t<div class=\"elementor-column elementor-col-50 elementor-inner-column elementor-element elementor-element-190beb6\" data-id=\"190beb6\" data-element_type=\"column\">\n\t\t\t<div class=\"elementor-widget-wrap elementor-element-populated\">\n\t\t\t\t\t\t<div class=\"elementor-element elementor-element-1c74655 elementor-widget elementor-widget-heading\" data-id=\"1c74655\" data-element_type=\"widget\" data-widget_type=\"heading.default\">\n\t\t\t\t<div class=\"elementor-widget-container\">\n\t\t\t\t\t<h3 class=\"elementor-heading-title elementor-size-medium\">Actividades Pastoral<\/h3>\t\t\t\t<\/div>\n\t\t\t\t<\/div>\n\t\t\t\t<div class=\"elementor-element elementor-element-34c4cf0 elementor-widget elementor-widget-text-editor\" data-id=\"34c4cf0\" data-element_type=\"widget\" data-widget_type=\"text-editor.default\">\n\t\t\t\t<div class=\"elementor-widget-container\">\n\t\t\t\t\t\t\t\t\t<ul><li>Reflexi\u00f3n semanal de valores por cursos, durante todo el a\u00f1o.<\/li><li>Jornadas especiales de oraci\u00f3n por las realidades sociales. (invitaci\u00f3n de papa en ciertos momentos).<\/li><li>Convivencias con los diferentes grados acad\u00e9micos. Tema: supeditado a lo establecido por la pastoral.<\/li><li>Orientaciones y charlas sobre problem\u00e1ticas juveniles, sociales y culturales, entre otras.<\/li><\/ul><ul><li>Reflexi\u00f3n semanal y mensual de valores, por cursos durante todo el a\u00f1o.<\/li><li>Jornadas especiales de oraci\u00f3n por las realidades sociales.<\/li><li>Orientaciones y charlas sobre problem\u00e1ticas juveniles, sociales, culturales, entre otras.<\/li><li>Convivencia-recreaci\u00f3n con los grados de preescolar.<\/li><\/ul>\t\t\t\t\t\t\t\t<\/div>\n\t\t\t\t<\/div>\n\t\t\t\t\t<\/div>\n\t\t<\/div>\n\t\t\t\t\t<\/div>\n\t\t<\/section>\n\t\t\t\t\t<\/div>\n\t\t<\/div>\n\t\t\t\t\t<\/div>\n\t\t<\/section>\n\t\t\t\t<section class=\"elementor-section elementor-top-section elementor-element elementor-element-b963667 elementor-section-boxed elementor-section-height-default elementor-section-height-default\" data-id=\"b963667\" data-element_type=\"section\">\n\t\t\t\t\t\t<div class=\"elementor-container elementor-column-gap-default\">\n\t\t\t\t\t<div class=\"elementor-column elementor-col-100 elementor-top-column elementor-element elementor-element-30f775b\" data-id=\"30f775b\" data-element_type=\"column\">\n\t\t\t<div class=\"elementor-widget-wrap elementor-element-populated\">\n\t\t\t\t\t\t<div class=\"elementor-element elementor-element-7b7b7de elementor-widget elementor-widget-spacer\" data-id=\"7b7b7de\" data-element_type=\"widget\" data-widget_type=\"spacer.default\">\n\t\t\t\t<div class=\"elementor-widget-container\">\n\t\t\t\t\t\t\t<div class=\"elementor-spacer\">\n\t\t\t<div class=\"elementor-spacer-inner\"><\/div>\n\t\t<\/div>\n\t\t\t\t\t\t<\/div>\n\t\t\t\t<\/div>\n\t\t\t\t\t<\/div>\n\t\t<\/div>\n\t\t\t\t\t<\/div>\n\t\t<\/section>\n\t\t\t\t<section class=\"elementor-section elementor-top-section elementor-element elementor-element-540ae61 elementor-section-boxed elementor-section-height-default elementor-section-height-default\" data-id=\"540ae61\" data-element_type=\"section\" id=\"pastoral-social\" data-settings=\"{&quot;background_background&quot;:&quot;classic&quot;}\">\n\t\t\t\t\t\t<div class=\"elementor-container elementor-column-gap-default\">\n\t\t\t\t\t<div class=\"elementor-column elementor-col-100 elementor-top-column elementor-element elementor-element-7b75c3b\" data-id=\"7b75c3b\" data-element_type=\"column\">\n\t\t\t<div class=\"elementor-widget-wrap elementor-element-populated\">\n\t\t\t\t\t\t<div class=\"elementor-element elementor-element-0a26def elementor-widget elementor-widget-spacer\" data-id=\"0a26def\" data-element_type=\"widget\" data-widget_type=\"spacer.default\">\n\t\t\t\t<div class=\"elementor-widget-container\">\n\t\t\t\t\t\t\t<div class=\"elementor-spacer\">\n\t\t\t<div class=\"elementor-spacer-inner\"><\/div>\n\t\t<\/div>\n\t\t\t\t\t\t<\/div>\n\t\t\t\t<\/div>\n\t\t\t\t<div class=\"elementor-element elementor-element-60240fd elementor-invisible elementor-widget elementor-widget-heading\" data-id=\"60240fd\" data-element_type=\"widget\" data-settings=\"{&quot;_animation&quot;:&quot;fadeInLeft&quot;}\" data-widget_type=\"heading.default\">\n\t\t\t\t<div class=\"elementor-widget-container\">\n\t\t\t\t\t<h2 class=\"elementor-heading-title elementor-size-default\">Pastoral social y Familiar\n<hr \/><\/h2>\t\t\t\t<\/div>\n\t\t\t\t<\/div>\n\t\t\t\t<section class=\"elementor-section elementor-inner-section elementor-element elementor-element-ec0d032 elementor-section-content-middle elementor-section-boxed elementor-section-height-default elementor-section-height-default\" data-id=\"ec0d032\" data-element_type=\"section\">\n\t\t\t\t\t\t<div class=\"elementor-container elementor-column-gap-default\">\n\t\t\t\t\t<div class=\"elementor-column elementor-col-50 elementor-inner-column elementor-element elementor-element-b8ae153\" data-id=\"b8ae153\" data-element_type=\"column\">\n\t\t\t<div class=\"elementor-widget-wrap elementor-element-populated\">\n\t\t\t\t\t\t<div class=\"elementor-element elementor-element-d11c6ef elementor-widget elementor-widget-heading\" data-id=\"d11c6ef\" data-element_type=\"widget\" data-widget_type=\"heading.default\">\n\t\t\t\t<div class=\"elementor-widget-container\">\n\t\t\t\t\t<h3 class=\"elementor-heading-title elementor-size-medium\">Actividades Pastoral<\/h3>\t\t\t\t<\/div>\n\t\t\t\t<\/div>\n\t\t\t\t<div class=\"elementor-element elementor-element-4a2c612 elementor-widget elementor-widget-text-editor\" data-id=\"4a2c612\" data-element_type=\"widget\" data-widget_type=\"text-editor.default\">\n\t\t\t\t<div class=\"elementor-widget-container\">\n\t\t\t\t\t\t\t\t\t<ul><li>Celebraci\u00f3n de fechas especiales y significativas, Franciscanas.<\/li><li>Proyecto de Servicio Social.<\/li><li>Comunicaci\u00f3n cristiana de bienes.<\/li><li>Jornadas especiales de recolecci\u00f3n de ayudas (v\u00edveres, ropa) y apoyo.<\/li><li>Encuentros, charlas y asesor\u00edas con los padres de familia.<\/li><li>Animaci\u00f3n y reflexiones de pastoral a trav\u00e9s de la Pagina Web y del peri\u00f3dico del Colegio.<\/li><\/ul>\t\t\t\t\t\t\t\t<\/div>\n\t\t\t\t<\/div>\n\t\t\t\t<div class=\"elementor-element elementor-element-ef91f86 elementor-widget elementor-widget-text-editor\" data-id=\"ef91f86\" data-element_type=\"widget\" data-widget_type=\"text-editor.default\">\n\t\t\t\t<div class=\"elementor-widget-container\">\n\t\t\t\t\t\t\t\t\t<ul><li>Proyecto de servicio social.<\/li><li>Comunicaci\u00f3n cristiana de bienes.<\/li><li>Celebraci\u00f3n de fechas especiales y significativas.<\/li><li>Jornadas especiales de recolecci\u00f3n y apoyo.<\/li><li>Charlas y orientaciones de los padres de familia.<\/li><li>Animaci\u00f3n y reflexiones de pastoral a trav\u00e9s de la p\u00e1gina web.<\/li><\/ul>\t\t\t\t\t\t\t\t<\/div>\n\t\t\t\t<\/div>\n\t\t\t\t\t<\/div>\n\t\t<\/div>\n\t\t\t\t<div class=\"elementor-column elementor-col-50 elementor-inner-column elementor-element elementor-element-3bdbf67\" data-id=\"3bdbf67\" data-element_type=\"column\">\n\t\t\t<div class=\"elementor-widget-wrap elementor-element-populated\">\n\t\t\t\t\t\t<div class=\"elementor-element elementor-element-2ecae5b gallery-spacing-custom animated-slow elementor-hidden-mobile elementor-invisible elementor-widget elementor-widget-image-gallery\" data-id=\"2ecae5b\" data-element_type=\"widget\" data-settings=\"{&quot;_animation&quot;:&quot;fadeInRight&quot;}\" data-widget_type=\"image-gallery.default\">\n\t\t\t\t<div class=\"elementor-widget-container\">\n\t\t\t\t\t\t\t<div class=\"elementor-image-gallery\">\n\t\t\t<div id='gallery-1' class='gallery galleryid-14119 gallery-columns-2 gallery-size-medium'><figure class='gallery-item'>\n\t\t\t<div class='gallery-icon portrait'>\n\t\t\t\t<a data-elementor-open-lightbox=\"no\" href='https:\/\/www.colsanfrancisco.edu.co\/web\/wp-content\/uploads\/2023\/12\/2.jpg'><img loading=\"lazy\" decoding=\"async\" width=\"200\" height=\"300\" src=\"https:\/\/www.colsanfrancisco.edu.co\/web\/wp-content\/uploads\/2023\/12\/2-200x300.jpg\" class=\"attachment-medium size-medium\" alt=\"\" srcset=\"https:\/\/www.colsanfrancisco.edu.co\/web\/wp-content\/uploads\/2023\/12\/2-200x300.jpg 200w, https:\/\/www.colsanfrancisco.edu.co\/web\/wp-content\/uploads\/2023\/12\/2.jpg 462w\" sizes=\"(max-width: 200px) 100vw, 200px\" \/><\/a>\n\t\t\t<\/div><\/figure><figure class='gallery-item'>\n\t\t\t<div class='gallery-icon portrait'>\n\t\t\t\t<a data-elementor-open-lightbox=\"no\" href='https:\/\/www.colsanfrancisco.edu.co\/web\/wp-content\/uploads\/2023\/12\/3.jpg'><img loading=\"lazy\" decoding=\"async\" width=\"218\" height=\"300\" src=\"https:\/\/www.colsanfrancisco.edu.co\/web\/wp-content\/uploads\/2023\/12\/3-218x300.jpg\" class=\"attachment-medium size-medium\" alt=\"\" srcset=\"https:\/\/www.colsanfrancisco.edu.co\/web\/wp-content\/uploads\/2023\/12\/3-218x300.jpg 218w, https:\/\/www.colsanfrancisco.edu.co\/web\/wp-content\/uploads\/2023\/12\/3.jpg 454w\" sizes=\"(max-width: 218px) 100vw, 218px\" \/><\/a>\n\t\t\t<\/div><\/figure><figure class='gallery-item'>\n\t\t\t<div class='gallery-icon portrait'>\n\t\t\t\t<a data-elementor-open-lightbox=\"no\" href='https:\/\/www.colsanfrancisco.edu.co\/web\/wp-content\/uploads\/2023\/12\/5.jpg'><img loading=\"lazy\" decoding=\"async\" width=\"192\" height=\"300\" src=\"https:\/\/www.colsanfrancisco.edu.co\/web\/wp-content\/uploads\/2023\/12\/5-192x300.jpg\" class=\"attachment-medium size-medium\" alt=\"\" srcset=\"https:\/\/www.colsanfrancisco.edu.co\/web\/wp-content\/uploads\/2023\/12\/5-192x300.jpg 192w, https:\/\/www.colsanfrancisco.edu.co\/web\/wp-content\/uploads\/2023\/12\/5.jpg 425w\" sizes=\"(max-width: 192px) 100vw, 192px\" \/><\/a>\n\t\t\t<\/div><\/figure><figure class='gallery-item'>\n\t\t\t<div class='gallery-icon portrait'>\n\t\t\t\t<a data-elementor-open-lightbox=\"no\" href='https:\/\/www.colsanfrancisco.edu.co\/web\/wp-content\/uploads\/2023\/12\/Nieve.jpg'><img loading=\"lazy\" decoding=\"async\" width=\"215\" height=\"300\" src=\"https:\/\/www.colsanfrancisco.edu.co\/web\/wp-content\/uploads\/2023\/12\/Nieve-215x300.jpg\" class=\"attachment-medium size-medium\" alt=\"\" srcset=\"https:\/\/www.colsanfrancisco.edu.co\/web\/wp-content\/uploads\/2023\/12\/Nieve-215x300.jpg 215w, https:\/\/www.colsanfrancisco.edu.co\/web\/wp-content\/uploads\/2023\/12\/Nieve.jpg 483w\" sizes=\"(max-width: 215px) 100vw, 215px\" \/><\/a>\n\t\t\t<\/div><\/figure>\n\t\t<\/div>\n\t\t<\/div>\n\t\t\t\t\t\t<\/div>\n\t\t\t\t<\/div>\n\t\t\t\t\t<\/div>\n\t\t<\/div>\n\t\t\t\t\t<\/div>\n\t\t<\/section>\n\t\t\t\t\t<\/div>\n\t\t<\/div>\n\t\t\t\t\t<\/div>\n\t\t<\/section>\n\t\t\t\t<section class=\"elementor-section elementor-top-section elementor-element elementor-element-34d73c9 elementor-section-full_width elementor-section-stretched elementor-section-height-default elementor-section-height-default\" data-id=\"34d73c9\" data-element_type=\"section\" data-settings=\"{&quot;stretch_section&quot;:&quot;section-stretched&quot;,&quot;shape_divider_bottom&quot;:&quot;mountains&quot;,&quot;background_background&quot;:&quot;classic&quot;}\">\n\t\t\t\t\t<div class=\"elementor-shape elementor-shape-bottom\" data-negative=\"false\">\n\t\t\t<svg xmlns=\"http:\/\/www.w3.org\/2000\/svg\" viewBox=\"0 0 1000 100\" preserveAspectRatio=\"none\">\n\t<path class=\"elementor-shape-fill\" opacity=\"0.33\" d=\"M473,67.3c-203.9,88.3-263.1-34-320.3,0C66,119.1,0,59.7,0,59.7V0h1000v59.7 c0,0-62.1,26.1-94.9,29.3c-32.8,3.3-62.8-12.3-75.8-22.1C806,49.6,745.3,8.7,694.9,4.7S492.4,59,473,67.3z\"\/>\n\t<path class=\"elementor-shape-fill\" opacity=\"0.66\" d=\"M734,67.3c-45.5,0-77.2-23.2-129.1-39.1c-28.6-8.7-150.3-10.1-254,39.1 s-91.7-34.4-149.2,0C115.7,118.3,0,39.8,0,39.8V0h1000v36.5c0,0-28.2-18.5-92.1-18.5C810.2,18.1,775.7,67.3,734,67.3z\"\/>\n\t<path class=\"elementor-shape-fill\" d=\"M766.1,28.9c-200-57.5-266,65.5-395.1,19.5C242,1.8,242,5.4,184.8,20.6C128,35.8,132.3,44.9,89.9,52.5C28.6,63.7,0,0,0,0 h1000c0,0-9.9,40.9-83.6,48.1S829.6,47,766.1,28.9z\"\/>\n<\/svg>\t\t<\/div>\n\t\t\t\t\t<div class=\"elementor-container elementor-column-gap-default\">\n\t\t\t\t\t<div class=\"elementor-column elementor-col-100 elementor-top-column elementor-element elementor-element-328f630\" data-id=\"328f630\" data-element_type=\"column\">\n\t\t\t<div class=\"elementor-widget-wrap elementor-element-populated\">\n\t\t\t\t\t\t<div class=\"elementor-element elementor-element-947a3ae elementor-widget elementor-widget-spacer\" data-id=\"947a3ae\" data-element_type=\"widget\" data-widget_type=\"spacer.default\">\n\t\t\t\t<div class=\"elementor-widget-container\">\n\t\t\t\t\t\t\t<div class=\"elementor-spacer\">\n\t\t\t<div class=\"elementor-spacer-inner\"><\/div>\n\t\t<\/div>\n\t\t\t\t\t\t<\/div>\n\t\t\t\t<\/div>\n\t\t\t\t\t<\/div>\n\t\t<\/div>\n\t\t\t\t\t<\/div>\n\t\t<\/section>\n\t\t\t\t<\/div>\n\t\t","protected":false},"excerpt":{"rendered":"<p>Proyecto Pastoral Institucional El Proyecto de la Pastoral Educativa en el Colegio San Francisco se ha concebido con el prop\u00f3sito fundamental de estructurar la evangelizaci\u00f3n y la promoci\u00f3n humana entre los estudiantes. Nuestra iniciativa se orienta hacia una pastoral educativa de naturaleza humanista y evangelizadora, alineada de manera coherente con los paradigmas que caracterizan a [&hellip;]<\/p>\n","protected":false},"author":1,"featured_media":0,"parent":0,"menu_order":0,"comment_status":"closed","ping_status":"closed","template":"","meta":{"site-sidebar-layout":"no-sidebar","site-content-layout":"","ast-site-content-layout":"full-width-container","site-content-style":"default","site-sidebar-style":"default","ast-global-header-display":"","ast-banner-title-visibility":"","ast-main-header-display":"","ast-hfb-above-header-display":"","ast-hfb-below-header-display":"","ast-hfb-mobile-header-display":"","site-post-title":"disabled","ast-breadcrumbs-content":"","ast-featured-img":"disabled","footer-sml-layout":"","ast-disable-related-posts":"","theme-transparent-header-meta":"","adv-header-id-meta":"","stick-header-meta":"","header-above-stick-meta":"","header-main-stick-meta":"","header-below-stick-meta":"","astra-migrate-meta-layouts":"","ast-page-background-enabled":"default","ast-page-background-meta":{"desktop":{"background-color":"var(--ast-global-color-4)","background-image":"","background-repeat":"repeat","background-position":"center center","background-size":"auto","background-attachment":"scroll","background-type":"","background-media":"","overlay-type":"","overlay-color":"","overlay-opacity":"","overlay-gradient":""},"tablet":{"background-color":"","background-image":"","background-repeat":"repeat","background-position":"center center","background-size":"auto","background-attachment":"scroll","background-type":"","background-media":"","overlay-type":"","overlay-color":"","overlay-opacity":"","overlay-gradient":""},"mobile":{"background-color":"","background-image":"","background-repeat":"repeat","background-position":"center center","background-size":"auto","background-attachment":"scroll","background-type":"","background-media":"","overlay-type":"","overlay-color":"","overlay-opacity":"","overlay-gradient":""}},"ast-content-background-meta":{"desktop":{"background-color":"var(--ast-global-color-5)","background-image":"","background-repeat":"repeat","background-position":"center center","background-size":"auto","background-attachment":"scroll","background-type":"","background-media":"","overlay-type":"","overlay-color":"","overlay-opacity":"","overlay-gradient":""},"tablet":{"background-color":"var(--ast-global-color-5)","background-image":"","background-repeat":"repeat","background-position":"center center","background-size":"auto","background-attachment":"scroll","background-type":"","background-media":"","overlay-type":"","overlay-color":"","overlay-opacity":"","overlay-gradient":""},"mobile":{"background-color":"var(--ast-global-color-5)","background-image":"","background-repeat":"repeat","background-position":"center center","background-size":"auto","background-attachment":"scroll","background-type":"","background-media":"","overlay-type":"","overlay-color":"","overlay-opacity":"","overlay-gradient":""}},"ngg_post_thumbnail":0,"footnotes":""},"yoast_head":"<!-- This site is optimized with the Yoast SEO plugin v21.7 - https:\/\/yoast.com\/wordpress\/plugins\/seo\/ -->\n<title>Pastoral - Colegio San Francisco<\/title>\n<meta name=\"description\" content=\"&quot;En el Colegio San Francisco, promovemos la evangelizaci\u00f3n y formaci\u00f3n humana con una pedagog\u00eda basada en valores cristianos y franciscanos.\" \/>\n<meta name=\"robots\" content=\"index, follow, max-snippet:-1, max-image-preview:large, max-video-preview:-1\" \/>\n<link rel=\"canonical\" href=\"https:\/\/www.colsanfrancisco.edu.co\/web\/pastoral\/\" \/>\n<meta property=\"og:locale\" content=\"es_ES\" \/>\n<meta property=\"og:type\" content=\"article\" \/>\n<meta property=\"og:title\" content=\"Pastoral - Colegio San Francisco\" \/>\n<meta property=\"og:description\" content=\"&quot;En el Colegio San Francisco, promovemos la evangelizaci\u00f3n y formaci\u00f3n humana con una pedagog\u00eda basada en valores cristianos y franciscanos.\" \/>\n<meta property=\"og:url\" content=\"https:\/\/www.colsanfrancisco.edu.co\/web\/pastoral\/\" \/>\n<meta property=\"og:site_name\" content=\"Colegio San Francisco\" \/>\n<meta property=\"article:publisher\" content=\"https:\/\/www.facebook.com\/people\/Colegio-San-Francisco\/100092009992239\/\" \/>\n<meta property=\"article:modified_time\" content=\"2024-12-20T18:52:22+00:00\" \/>\n<meta property=\"og:image\" content=\"https:\/\/www.colsanfrancisco.edu.co\/web\/wp-content\/uploads\/2024\/12\/pastoral-1-1024x768.jpg\" \/>\n<meta name=\"twitter:card\" content=\"summary_large_image\" \/>\n<meta name=\"twitter:label1\" content=\"Tiempo de lectura\" \/>\n\t<meta name=\"twitter:data1\" content=\"4 minutos\" \/>\n<script type=\"application\/ld+json\" class=\"yoast-schema-graph\">{\"@context\":\"https:\/\/schema.org\",\"@graph\":[{\"@type\":\"WebPage\",\"@id\":\"https:\/\/www.colsanfrancisco.edu.co\/web\/pastoral\/\",\"url\":\"https:\/\/www.colsanfrancisco.edu.co\/web\/pastoral\/\",\"name\":\"Pastoral - Colegio San Francisco\",\"isPartOf\":{\"@id\":\"https:\/\/www.colsanfrancisco.edu.co\/web\/#website\"},\"datePublished\":\"2023-12-01T14:15:52+00:00\",\"dateModified\":\"2024-12-20T18:52:22+00:00\",\"description\":\"\\\"En el Colegio San Francisco, promovemos la evangelizaci\u00f3n y formaci\u00f3n humana con una pedagog\u00eda basada en valores cristianos y franciscanos.\",\"breadcrumb\":{\"@id\":\"https:\/\/www.colsanfrancisco.edu.co\/web\/pastoral\/#breadcrumb\"},\"inLanguage\":\"es\",\"potentialAction\":[{\"@type\":\"ReadAction\",\"target\":[\"https:\/\/www.colsanfrancisco.edu.co\/web\/pastoral\/\"]}]},{\"@type\":\"BreadcrumbList\",\"@id\":\"https:\/\/www.colsanfrancisco.edu.co\/web\/pastoral\/#breadcrumb\",\"itemListElement\":[{\"@type\":\"ListItem\",\"position\":1,\"name\":\"Portada\",\"item\":\"https:\/\/www.colsanfrancisco.edu.co\/web\/\"},{\"@type\":\"ListItem\",\"position\":2,\"name\":\"Pastoral\"}]},{\"@type\":\"WebSite\",\"@id\":\"https:\/\/www.colsanfrancisco.edu.co\/web\/#website\",\"url\":\"https:\/\/www.colsanfrancisco.edu.co\/web\/\",\"name\":\"Colegio San Francisco\",\"description\":\"Educando hombres y mujeres de Paz y Bien\",\"publisher\":{\"@id\":\"https:\/\/www.colsanfrancisco.edu.co\/web\/#organization\"},\"potentialAction\":[{\"@type\":\"SearchAction\",\"target\":{\"@type\":\"EntryPoint\",\"urlTemplate\":\"https:\/\/www.colsanfrancisco.edu.co\/web\/?s={search_term_string}\"},\"query-input\":\"required name=search_term_string\"}],\"inLanguage\":\"es\"},{\"@type\":\"Organization\",\"@id\":\"https:\/\/www.colsanfrancisco.edu.co\/web\/#organization\",\"name\":\"Colegio San Francisco\",\"url\":\"https:\/\/www.colsanfrancisco.edu.co\/web\/\",\"logo\":{\"@type\":\"ImageObject\",\"inLanguage\":\"es\",\"@id\":\"https:\/\/www.colsanfrancisco.edu.co\/web\/#\/schema\/logo\/image\/\",\"url\":\"https:\/\/www.colsanfrancisco.edu.co\/web\/wp-content\/uploads\/2023\/09\/Escudo-1.png\",\"contentUrl\":\"https:\/\/www.colsanfrancisco.edu.co\/web\/wp-content\/uploads\/2023\/09\/Escudo-1.png\",\"width\":441,\"height\":525,\"caption\":\"Colegio San Francisco\"},\"image\":{\"@id\":\"https:\/\/www.colsanfrancisco.edu.co\/web\/#\/schema\/logo\/image\/\"},\"sameAs\":[\"https:\/\/www.facebook.com\/people\/Colegio-San-Francisco\/100092009992239\/\",\"https:\/\/www.instagram.com\/colsanfrancisco\/\"]}]}<\/script>\n<!-- \/ Yoast SEO plugin. -->","yoast_head_json":{"title":"Pastoral - Colegio San Francisco","description":"\"En el Colegio San Francisco, promovemos la evangelizaci\u00f3n y formaci\u00f3n humana con una pedagog\u00eda basada en valores cristianos y franciscanos.","robots":{"index":"index","follow":"follow","max-snippet":"max-snippet:-1","max-image-preview":"max-image-preview:large","max-video-preview":"max-video-preview:-1"},"canonical":"https:\/\/www.colsanfrancisco.edu.co\/web\/pastoral\/","og_locale":"es_ES","og_type":"article","og_title":"Pastoral - Colegio San Francisco","og_description":"\"En el Colegio San Francisco, promovemos la evangelizaci\u00f3n y formaci\u00f3n humana con una pedagog\u00eda basada en valores cristianos y franciscanos.","og_url":"https:\/\/www.colsanfrancisco.edu.co\/web\/pastoral\/","og_site_name":"Colegio San Francisco","article_publisher":"https:\/\/www.facebook.com\/people\/Colegio-San-Francisco\/100092009992239\/","article_modified_time":"2024-12-20T18:52:22+00:00","og_image":[{"url":"https:\/\/www.colsanfrancisco.edu.co\/web\/wp-content\/uploads\/2024\/12\/pastoral-1-1024x768.jpg"}],"twitter_card":"summary_large_image","twitter_misc":{"Tiempo de lectura":"4 minutos"},"schema":{"@context":"https:\/\/schema.org","@graph":[{"@type":"WebPage","@id":"https:\/\/www.colsanfrancisco.edu.co\/web\/pastoral\/","url":"https:\/\/www.colsanfrancisco.edu.co\/web\/pastoral\/","name":"Pastoral - Colegio San Francisco","isPartOf":{"@id":"https:\/\/www.colsanfrancisco.edu.co\/web\/#website"},"datePublished":"2023-12-01T14:15:52+00:00","dateModified":"2024-12-20T18:52:22+00:00","description":"\"En el Colegio San Francisco, promovemos la evangelizaci\u00f3n y formaci\u00f3n humana con una pedagog\u00eda basada en valores cristianos y franciscanos.","breadcrumb":{"@id":"https:\/\/www.colsanfrancisco.edu.co\/web\/pastoral\/#breadcrumb"},"inLanguage":"es","potentialAction":[{"@type":"ReadAction","target":["https:\/\/www.colsanfrancisco.edu.co\/web\/pastoral\/"]}]},{"@type":"BreadcrumbList","@id":"https:\/\/www.colsanfrancisco.edu.co\/web\/pastoral\/#breadcrumb","itemListElement":[{"@type":"ListItem","position":1,"name":"Portada","item":"https:\/\/www.colsanfrancisco.edu.co\/web\/"},{"@type":"ListItem","position":2,"name":"Pastoral"}]},{"@type":"WebSite","@id":"https:\/\/www.colsanfrancisco.edu.co\/web\/#website","url":"https:\/\/www.colsanfrancisco.edu.co\/web\/","name":"Colegio San Francisco","description":"Educando hombres y mujeres de Paz y Bien","publisher":{"@id":"https:\/\/www.colsanfrancisco.edu.co\/web\/#organization"},"potentialAction":[{"@type":"SearchAction","target":{"@type":"EntryPoint","urlTemplate":"https:\/\/www.colsanfrancisco.edu.co\/web\/?s={search_term_string}"},"query-input":"required name=search_term_string"}],"inLanguage":"es"},{"@type":"Organization","@id":"https:\/\/www.colsanfrancisco.edu.co\/web\/#organization","name":"Colegio San Francisco","url":"https:\/\/www.colsanfrancisco.edu.co\/web\/","logo":{"@type":"ImageObject","inLanguage":"es","@id":"https:\/\/www.colsanfrancisco.edu.co\/web\/#\/schema\/logo\/image\/","url":"https:\/\/www.colsanfrancisco.edu.co\/web\/wp-content\/uploads\/2023\/09\/Escudo-1.png","contentUrl":"https:\/\/www.colsanfrancisco.edu.co\/web\/wp-content\/uploads\/2023\/09\/Escudo-1.png","width":441,"height":525,"caption":"Colegio San Francisco"},"image":{"@id":"https:\/\/www.colsanfrancisco.edu.co\/web\/#\/schema\/logo\/image\/"},"sameAs":["https:\/\/www.facebook.com\/people\/Colegio-San-Francisco\/100092009992239\/","https:\/\/www.instagram.com\/colsanfrancisco\/"]}]}},"_links":{"self":[{"href":"https:\/\/www.colsanfrancisco.edu.co\/web\/wp-json\/wp\/v2\/pages\/14119"}],"collection":[{"href":"https:\/\/www.colsanfrancisco.edu.co\/web\/wp-json\/wp\/v2\/pages"}],"about":[{"href":"https:\/\/www.colsanfrancisco.edu.co\/web\/wp-json\/wp\/v2\/types\/page"}],"author":[{"embeddable":true,"href":"https:\/\/www.colsanfrancisco.edu.co\/web\/wp-json\/wp\/v2\/users\/1"}],"replies":[{"embeddable":true,"href":"https:\/\/www.colsanfrancisco.edu.co\/web\/wp-json\/wp\/v2\/comments?post=14119"}],"version-history":[{"count":277,"href":"https:\/\/www.colsanfrancisco.edu.co\/web\/wp-json\/wp\/v2\/pages\/14119\/revisions"}],"predecessor-version":[{"id":17031,"href":"https:\/\/www.colsanfrancisco.edu.co\/web\/wp-json\/wp\/v2\/pages\/14119\/revisions\/17031"}],"wp:attachment":[{"href":"https:\/\/www.colsanfrancisco.edu.co\/web\/wp-json\/wp\/v2\/media?parent=14119"}],"curies":[{"name":"wp","href":"https:\/\/api.w.org\/{rel}","templated":true}]}}